{"id":598,"date":"2026-03-11T19:20:25","date_gmt":"2026-03-11T18:20:25","guid":{"rendered":"https:\/\/farmaciaandorra.com\/fundacio-josep-carreras\/"},"modified":"2026-03-19T17:52:53","modified_gmt":"2026-03-19T16:52:53","slug":"fundacio-josep-carreras","status":"publish","type":"page","link":"https:\/\/farmaciaandorra.com\/ca\/fundacio-josep-carreras\/","title":{"rendered":"\/fundacio-josep-carreras"},"content":{"rendered":"<h1 style=\"font-size: 26px; margin-bottom: 20px;\">Comprom\u00eds social<\/h1>\n<p style=\"font-size: 16px;\">A la <strong>Farm\u00e0cia Roser Mir\u00f3<\/strong> creiem que la farm\u00e0cia no nom\u00e9s t\u00e9 la missi\u00f3 de dispensar medicaments i productes de salut, sin\u00f3 tamb\u00e9 de contribuir al benestar de la societat i donar suport a iniciatives que promoguin la recerca m\u00e8dica i la millora de la qualitat de vida dels pacients.<\/p>\n<p style=\"font-size: 16px;\">Per aquest motiu, la <strong>Farm\u00e0cia Roser Mir\u00f3 d&#8217;Andorra \u00e9s empresa s\u00f2cia de la Fundaci\u00f3 Josep Carreras contra la leuc\u00e8mia<\/strong>.<\/p>\n<p><img fetchpriority=\"high\" decoding=\"async\" class=\"aligncenter wp-image-606 size-medium\" src=\"https:\/\/farmaciaandorra.com\/wp-content\/uploads\/Logo-Fundacio-Josep-Carreras-26-300x182.png\" alt=\"Farm\u00e0cia Roser Mir\u00f3 d&#039;Andorra \u00e9s empresa s\u00f2cia de la Fundaci\u00f3 Josep Carreras contra la leuc\u00e8mia.\" width=\"300\" height=\"182\" title=\"\" srcset=\"https:\/\/farmaciaandorra.com\/wp-content\/uploads\/Logo-Fundacio-Josep-Carreras-26-300x182.png 300w, https:\/\/farmaciaandorra.com\/wp-content\/uploads\/Logo-Fundacio-Josep-Carreras-26-1024x622.png 1024w, https:\/\/farmaciaandorra.com\/wp-content\/uploads\/Logo-Fundacio-Josep-Carreras-26-768x467.png 768w, https:\/\/farmaciaandorra.com\/wp-content\/uploads\/Logo-Fundacio-Josep-Carreras-26.png 1122w\" sizes=\"(max-width: 300px) 100vw, 300px\" \/><\/p>\n<p style=\"font-size: 16px;\">La <strong>Fundaci\u00f3 Josep Carreras contra la leuc\u00e8mia<\/strong> \u00e9s una organitzaci\u00f3 internacional dedicada a impulsar la recerca cient\u00edfica i millorar els tractaments contra la leuc\u00e8mia i altres malalties hematol\u00f2giques.<\/p>\n<p style=\"font-size: 16px;\">Des de la seva creaci\u00f3 treballa amb un objectiu molt clar: <strong>aconseguir que la leuc\u00e8mia sigui una malaltia 100% curable<\/strong>.<\/p>\n<p style=\"font-size: 16px;\">La col\u00b7laboraci\u00f3 amb la Fundaci\u00f3 Josep Carreras forma part del comprom\u00eds de la nostra farm\u00e0cia amb la salut, la recerca i el progr\u00e9s m\u00e8dic.<\/p>\n<p style=\"font-size: 16px;\">Des de la <strong>Farm\u00e0cia Roser Mir\u00f3<\/strong> ens sentim orgullosos de contribuir, a trav\u00e9s d&#8217;aquesta iniciativa, al suport de projectes de recerca i a les persones afectades per aquesta malaltia.<\/p>\n<p style=\"font-size: 16px;\">La Farm\u00e0cia Roser Mir\u00f3 \u00e9s una farm\u00e0cia situada a <strong>Andorra la Vella<\/strong> compromesa amb la salut, la recerca m\u00e8dica i el benestar dels pacients.<\/p>\n<p style=\"font-size: 16px; margin-top: 20px;\">M\u00e9s informaci\u00f3:<br \/>\n<a href=\"https:\/\/fcarreras.org\/ca\/\" target=\"_blank\" rel=\"noopener\">Fundaci\u00f3 Josep Carreras contra la leuc\u00e8mia<\/a><\/p>\n","protected":false},"excerpt":{"rendered":"<p>Comprom\u00eds social A la Farm\u00e0cia Roser Mir\u00f3 creiem que la farm\u00e0cia no nom\u00e9s t\u00e9 la missi\u00f3 de dispensar medicaments i productes de salut, sin\u00f3 tamb\u00e9 de contribuir al benestar de la societat i donar suport a iniciatives que promoguin la recerca m\u00e8dica i la millora de la qualitat de vida dels pacients. Per aquest motiu, [&hellip;]<\/p>\n","protected":false},"author":1,"featured_media":0,"parent":0,"menu_order":0,"comment_status":"closed","ping_status":"closed","template":"","meta":{"footnotes":""},"class_list":["post-598","page","type-page","status-publish","hentry"],"_links":{"self":[{"href":"https:\/\/farmaciaandorra.com\/ca\/wp-json\/wp\/v2\/pages\/598","targetHints":{"allow":["GET"]}}],"collection":[{"href":"https:\/\/farmaciaandorra.com\/ca\/wp-json\/wp\/v2\/pages"}],"about":[{"href":"https:\/\/farmaciaandorra.com\/ca\/wp-json\/wp\/v2\/types\/page"}],"author":[{"embeddable":true,"href":"https:\/\/farmaciaandorra.com\/ca\/wp-json\/wp\/v2\/users\/1"}],"replies":[{"embeddable":true,"href":"https:\/\/farmaciaandorra.com\/ca\/wp-json\/wp\/v2\/comments?post=598"}],"version-history":[{"count":4,"href":"https:\/\/farmaciaandorra.com\/ca\/wp-json\/wp\/v2\/pages\/598\/revisions"}],"predecessor-version":[{"id":609,"href":"https:\/\/farmaciaandorra.com\/ca\/wp-json\/wp\/v2\/pages\/598\/revisions\/609"}],"wp:attachment":[{"href":"https:\/\/farmaciaandorra.com\/ca\/wp-json\/wp\/v2\/media?parent=598"}],"curies":[{"name":"wp","href":"https:\/\/api.w.org\/{rel}","templated":true}]}}